{"id":133,"date":"2023-12-16T22:12:41","date_gmt":"2023-12-16T22:12:41","guid":{"rendered":"https:\/\/javirevertviticultor.com\/?page_id=133"},"modified":"2024-03-14T13:17:34","modified_gmt":"2024-03-14T13:17:34","slug":"vinedos","status":"publish","type":"page","link":"https:\/\/javirevertviticultor.com\/en\/vinedos\/","title":{"rendered":"Vineyards"},"content":{"rendered":"<div data-elementor-type=\"wp-page\" data-elementor-id=\"133\" class=\"elementor elementor-133\" data-elementor-post-type=\"page\">\n\t\t\t\t\t\t<section class=\"elementor-section elementor-top-section elementor-element elementor-element-456aa19 animated-slow elementor-section-height-min-height elementor-section-items-bottom elementor-section-boxed elementor-section-height-default elementor-invisible\" data-id=\"456aa19\" data-element_type=\"section\" data-settings=\"{&quot;background_background&quot;:&quot;classic&quot;,&quot;animation&quot;:&quot;fadeIn&quot;}\">\n\t\t\t\t\t\t\t<div class=\"elementor-background-overlay\"><\/div>\n\t\t\t\t\t\t\t<div class=\"elementor-container elementor-column-gap-no\">\n\t\t\t\t\t<div class=\"elementor-column elementor-col-100 elementor-top-column elementor-element elementor-element-2009425\" data-id=\"2009425\" data-element_type=\"column\">\n\t\t\t<div class=\"elementor-widget-wrap elementor-element-populated\">\n\t\t\t\t\t\t<div class=\"elementor-element elementor-element-8cb9f1d elementor-widget elementor-widget-heading\" data-id=\"8cb9f1d\" data-element_type=\"widget\" data-widget_type=\"heading.default\">\n\t\t\t\t<div class=\"elementor-widget-container\">\n\t\t\t<style>\/*! elementor - v3.20.0 - 13-03-2024 *\/\n.elementor-heading-title{padding:0;margin:0;line-height:1}.elementor-widget-heading .elementor-heading-title[class*=elementor-size-]>a{color:inherit;font-size:inherit;line-height:inherit}.elementor-widget-heading .elementor-heading-title.elementor-size-small{font-size:15px}.elementor-widget-heading .elementor-heading-title.elementor-size-medium{font-size:19px}.elementor-widget-heading .elementor-heading-title.elementor-size-large{font-size:29px}.elementor-widget-heading .elementor-heading-title.elementor-size-xl{font-size:39px}.elementor-widget-heading .elementor-heading-title.elementor-size-xxl{font-size:59px}<\/style><h2 class=\"elementor-heading-title elementor-size-default\">Vineyards<\/h2>\t\t<\/div>\n\t\t\t\t<\/div>\n\t\t\t\t\t<\/div>\n\t\t<\/div>\n\t\t\t\t\t<\/div>\n\t\t<\/section>\n\t\t\t\t<section class=\"elementor-section elementor-top-section elementor-element elementor-element-447ef53c elementor-reverse-tablet elementor-reverse-mobile elementor-section-boxed elementor-section-height-default elementor-section-height-default\" data-id=\"447ef53c\" data-element_type=\"section\" data-settings=\"{&quot;background_background&quot;:&quot;classic&quot;}\">\n\t\t\t\t\t\t\t<div class=\"elementor-background-overlay\"><\/div>\n\t\t\t\t\t\t\t<div class=\"elementor-container elementor-column-gap-no\">\n\t\t\t\t\t<div class=\"elementor-column elementor-col-50 elementor-top-column elementor-element elementor-element-50208106\" data-id=\"50208106\" data-element_type=\"column\">\n\t\t\t<div class=\"elementor-widget-wrap elementor-element-populated\">\n\t\t\t\t\t\t<div class=\"elementor-element elementor-element-2763b5dc animated-slow elementor-invisible elementor-widget elementor-widget-image\" data-id=\"2763b5dc\" data-element_type=\"widget\" data-settings=\"{&quot;_animation&quot;:&quot;fadeInUp&quot;}\" data-widget_type=\"image.default\">\n\t\t\t\t<div class=\"elementor-widget-container\">\n\t\t\t<style>\/*! elementor - v3.20.0 - 13-03-2024 *\/\n.elementor-widget-image{text-align:center}.elementor-widget-image a{display:inline-block}.elementor-widget-image a img[src$=\".svg\"]{width:48px}.elementor-widget-image img{vertical-align:middle;display:inline-block}<\/style>\t\t\t\t\t\t\t\t\t\t<img fetchpriority=\"high\" decoding=\"async\" width=\"2560\" height=\"1707\" src=\"https:\/\/javirevertviticultor.com\/wp-content\/uploads\/2023\/12\/Terrazas_Javi-Revert-Viticultores0-18-scaled.jpg\" class=\"attachment-full size-full wp-image-227\" alt=\"\" srcset=\"https:\/\/javirevertviticultor.com\/wp-content\/uploads\/2023\/12\/Terrazas_Javi-Revert-Viticultores0-18-scaled.jpg 2560w, https:\/\/javirevertviticultor.com\/wp-content\/uploads\/2023\/12\/Terrazas_Javi-Revert-Viticultores0-18-300x200.jpg 300w, https:\/\/javirevertviticultor.com\/wp-content\/uploads\/2023\/12\/Terrazas_Javi-Revert-Viticultores0-18-1024x683.jpg 1024w, https:\/\/javirevertviticultor.com\/wp-content\/uploads\/2023\/12\/Terrazas_Javi-Revert-Viticultores0-18-768x512.jpg 768w, https:\/\/javirevertviticultor.com\/wp-content\/uploads\/2023\/12\/Terrazas_Javi-Revert-Viticultores0-18-1536x1024.jpg 1536w, https:\/\/javirevertviticultor.com\/wp-content\/uploads\/2023\/12\/Terrazas_Javi-Revert-Viticultores0-18-2048x1366.jpg 2048w\" sizes=\"(max-width: 2560px) 100vw, 2560px\" \/>\t\t\t\t\t\t\t\t\t\t\t\t\t<\/div>\n\t\t\t\t<\/div>\n\t\t\t\t\t<\/div>\n\t\t<\/div>\n\t\t\t\t<div class=\"elementor-column elementor-col-50 elementor-top-column elementor-element elementor-element-56dd859f\" data-id=\"56dd859f\" data-element_type=\"column\">\n\t\t\t<div class=\"elementor-widget-wrap elementor-element-populated\">\n\t\t\t\t\t\t<div class=\"elementor-element elementor-element-35d22855 elementor-widget elementor-widget-text-editor\" data-id=\"35d22855\" data-element_type=\"widget\" data-widget_type=\"text-editor.default\">\n\t\t\t\t<div class=\"elementor-widget-container\">\n\t\t\t<style>\/*! elementor - v3.20.0 - 13-03-2024 *\/\n.elementor-widget-text-editor.elementor-drop-cap-view-stacked .elementor-drop-cap{background-color:#69727d;color:#fff}.elementor-widget-text-editor.elementor-drop-cap-view-framed .elementor-drop-cap{color:#69727d;border:3px solid;background-color:transparent}.elementor-widget-text-editor:not(.elementor-drop-cap-view-default) .elementor-drop-cap{margin-top:8px}.elementor-widget-text-editor:not(.elementor-drop-cap-view-default) .elementor-drop-cap-letter{width:1em;height:1em}.elementor-widget-text-editor .elementor-drop-cap{float:left;text-align:center;line-height:1;font-size:50px}.elementor-widget-text-editor .elementor-drop-cap-letter{display:inline-block}<\/style>\t\t\t\t<p><span style=\"font-weight: 400;\">We cultivate a total of 12 hectares of vineyards, divided into 6 hectares of old mountain vineyards and 6 hectares of young vineyards that we have replanted in traditional locations that had been abandoned decades ago.<\/span><\/p><p><span style=\"font-weight: 400;\">We work organically, following biodynamic and sustainable practices. We promote biodiversity in our vineyards, encouraging the presence of beneficial plants and animals to maintain the balance of the ecosystem.<\/span><\/p><p><span style=\"font-weight: 400;\">All of the vineyards are located in La Font de la Figuera.<\/span><\/p>\t\t\t\t\t\t<\/div>\n\t\t\t\t<\/div>\n\t\t\t\t\t<\/div>\n\t\t<\/div>\n\t\t\t\t\t<\/div>\n\t\t<\/section>\n\t\t<div class=\"elementor-element elementor-element-342ef30 e-flex e-con-boxed e-con e-parent\" data-id=\"342ef30\" data-element_type=\"container\" data-settings=\"{&quot;background_background&quot;:&quot;classic&quot;}\" data-core-v316-plus=\"true\">\n\t\t\t\t\t<div class=\"e-con-inner\">\n\t\t<div class=\"elementor-element elementor-element-865cee4 e-con-full e-flex e-con e-child\" data-id=\"865cee4\" data-element_type=\"container\">\n\t\t\t\t<div class=\"elementor-element elementor-element-666925a elementor-widget elementor-widget-heading\" data-id=\"666925a\" data-element_type=\"widget\" data-widget_type=\"heading.default\">\n\t\t\t\t<div class=\"elementor-widget-container\">\n\t\t\t<h2 class=\"elementor-heading-title elementor-size-default\">Our Plots<\/h2>\t\t<\/div>\n\t\t\t\t<\/div>\n\t\t\t\t<div class=\"elementor-element elementor-element-34f6f3a elementor-widget elementor-widget-heading\" data-id=\"34f6f3a\" data-element_type=\"widget\" data-widget_type=\"heading.default\">\n\t\t\t\t<div class=\"elementor-widget-container\">\n\t\t\t<h3 class=\"elementor-heading-title elementor-size-default\">Plots in Los Juncarejos<\/h3>\t\t<\/div>\n\t\t\t\t<\/div>\n\t\t\t\t<div class=\"elementor-element elementor-element-7a0d185 elementor-widget elementor-widget-text-editor\" data-id=\"7a0d185\" data-element_type=\"widget\" data-widget_type=\"text-editor.default\">\n\t\t\t\t<div class=\"elementor-widget-container\">\n\t\t\t\t\t\t\t<p><span style=\"font-weight: 400;\">Area located between the north face of Penya Forad\u00e0 (978 m) and the south face of L'Alt de Silla (1004 m), two mountain elevations that mark the transition towards the Almansa plain.<br \/><br \/><\/span><\/p><ul><li class=\" translation-block\">Pla del Micalet: 2.5-hectare plot planted in 1948. Located on the slope of Penya Forad\u00e0 with a northwest orientation and an altitude ranging from 730 to 750 meters. The soil is rocky, highly fractured, and rich in calcium carbonate. The varieties include a blend of different white grapes, primarily tortos\u00ed, trepadell, malvasia, and merseguera.<\/li><\/ul><p>\u00a0<\/p><ul><li><b><span style=\"color: #2c0089;\">Olivars<\/span>:<\/b><span style=\"font-weight: 400;\"> 0.56-hectare plot planted in 2021 with a massal selection from the neighboring Pla del Micalet plot. The plants that we liked the most from Micalet were chosen to be grafted onto the new plot, where they coexist with olive trees. <\/span>centenarios<\/li><\/ul><p>\u00a0<\/p><ul><li><b><span style=\"color: #2c0089;\">Ombria<\/span>:<\/b><span style=\"font-weight: 400;\"> 2 hectare plot planted with Garnacha Tinta, Arcos, Bonicaire and Forcall\u00e0, on terraces between 710 and 740 meters of altitude. Calcareous soils with sand, silt and some clay.<\/span><\/li><\/ul><p>\u00a0<\/p><ul><li><b><span style=\"color: #2c0089;\"> Planet<\/span>:<\/b><span style=\"font-weight: 400;\"> Plot of 0.74 ha in Monastrell at 700 meters of altitude. Soil with coarse calcium carbonate that decomposes into silt and sand.<\/span><\/li><\/ul><p>\u00a0<\/p><ul><li><b><span style=\"color: #2c0089;\"> Rac\u00f3 de les terrasses<\/span>: <\/b><span style=\"font-weight: 400;\">Plot of 2.23 hectares structured into 15 north-facing terraces, located between 760 and 820 meters of altitude on the slopes of Penya Forad\u00e0. The lower terraces are planted with arches, and the upper ones are planted with red garnacha. Calcareous soil presenting variability in the different terraces regarding its depth and composition.<br \/><br \/><\/span><\/li><\/ul>\t\t\t\t\t\t<\/div>\n\t\t\t\t<\/div>\n\t\t\t\t<div class=\"elementor-element elementor-element-3d39d42 elementor-widget elementor-widget-image\" data-id=\"3d39d42\" data-element_type=\"widget\" data-widget_type=\"image.default\">\n\t\t\t\t<div class=\"elementor-widget-container\">\n\t\t\t\t\t\t\t\t\t\t\t\t\t<img decoding=\"async\" width=\"800\" height=\"534\" src=\"https:\/\/javirevertviticultor.com\/wp-content\/uploads\/2023\/12\/Pla-del-Micalet_Javi-Revert-Viticultores0-1-1024x683.jpg\" class=\"attachment-large size-large wp-image-215\" alt=\"\" srcset=\"https:\/\/javirevertviticultor.com\/wp-content\/uploads\/2023\/12\/Pla-del-Micalet_Javi-Revert-Viticultores0-1-1024x683.jpg 1024w, https:\/\/javirevertviticultor.com\/wp-content\/uploads\/2023\/12\/Pla-del-Micalet_Javi-Revert-Viticultores0-1-300x200.jpg 300w, https:\/\/javirevertviticultor.com\/wp-content\/uploads\/2023\/12\/Pla-del-Micalet_Javi-Revert-Viticultores0-1-768x512.jpg 768w, https:\/\/javirevertviticultor.com\/wp-content\/uploads\/2023\/12\/Pla-del-Micalet_Javi-Revert-Viticultores0-1-1536x1024.jpg 1536w, https:\/\/javirevertviticultor.com\/wp-content\/uploads\/2023\/12\/Pla-del-Micalet_Javi-Revert-Viticultores0-1-2048x1366.jpg 2048w\" sizes=\"(max-width: 800px) 100vw, 800px\" \/>\t\t\t\t\t\t\t\t\t\t\t\t\t<\/div>\n\t\t\t\t<\/div>\n\t\t<div class=\"elementor-element elementor-element-d0e3edf e-flex e-con-boxed e-con e-child\" data-id=\"d0e3edf\" data-element_type=\"container\">\n\t\t\t\t\t<div class=\"e-con-inner\">\n\t\t<div class=\"elementor-element elementor-element-36b8a7a elementor-hidden-desktop elementor-hidden-tablet elementor-hidden-mobile e-flex e-con-boxed e-con e-child\" data-id=\"36b8a7a\" data-element_type=\"container\">\n\t\t\t\t\t<div class=\"e-con-inner\">\n\t\t\t\t<div class=\"elementor-element elementor-element-927492e elementor-widget elementor-widget-heading\" data-id=\"927492e\" data-element_type=\"widget\" data-widget_type=\"heading.default\">\n\t\t\t\t<div class=\"elementor-widget-container\">\n\t\t\t<h3 class=\"elementor-heading-title elementor-size-default\">Parcelas en Hoya de Manuel \n<\/h3>\t\t<\/div>\n\t\t\t\t<\/div>\n\t\t\t\t<div class=\"elementor-element elementor-element-205b170 elementor-widget elementor-widget-text-editor\" data-id=\"205b170\" data-element_type=\"widget\" data-widget_type=\"text-editor.default\">\n\t\t\t\t<div class=\"elementor-widget-container\">\n\t\t\t\t\t\t\t<p><span style=\"font-weight: 400;\">Paraje situado en la cara sur de la Penya Forad\u00e0.\u00a0<\/span><\/p><ul><li><span style=\"font-weight: 400;\"><span style=\"color: #9c192f;\"><strong>Solana<\/strong><\/span>: Parcela de 0,4 has de monastrell plantado en 1985 sobre gravas a 610 metros\u00a0 de altitud\u00a0<\/span><\/li><li><span style=\"font-weight: 400;\"><strong><span style=\"color: #9c192f;\">Casa de l\u2019Angel<\/span><\/strong>: Parcela de 1,2 ha de la variedad arcos y 0,29 ha de bonicaire plantadas en 1970 sobre suelo arenoso a 650 metros de altitud.\u00a0<\/span><\/li><\/ul>\t\t\t\t\t\t<\/div>\n\t\t\t\t<\/div>\n\t\t\t\t\t<\/div>\n\t\t\t\t<\/div>\n\t\t<div class=\"elementor-element elementor-element-a4295a2 elementor-hidden-desktop elementor-hidden-tablet elementor-hidden-mobile e-flex e-con-boxed e-con e-child\" data-id=\"a4295a2\" data-element_type=\"container\">\n\t\t\t\t\t<div class=\"e-con-inner\">\n\t\t\t\t<div class=\"elementor-element elementor-element-71b25fe elementor-widget elementor-widget-image\" data-id=\"71b25fe\" data-element_type=\"widget\" data-settings=\"{&quot;sticky&quot;:&quot;top&quot;,&quot;sticky_offset&quot;:100,&quot;sticky_parent&quot;:&quot;yes&quot;,&quot;sticky_on&quot;:[&quot;desktop&quot;,&quot;tablet&quot;,&quot;mobile&quot;],&quot;sticky_effects_offset&quot;:0}\" data-widget_type=\"image.default\">\n\t\t\t\t<div class=\"elementor-widget-container\">\n\t\t\t\t\t\t\t\t\t\t\t\t\t<img decoding=\"async\" width=\"800\" height=\"534\" src=\"https:\/\/javirevertviticultor.com\/wp-content\/uploads\/2023\/12\/Terrazas_Javi-Revert-Viticultores0-18-1024x683.jpg\" class=\"attachment-large size-large wp-image-227\" alt=\"\" srcset=\"https:\/\/javirevertviticultor.com\/wp-content\/uploads\/2023\/12\/Terrazas_Javi-Revert-Viticultores0-18-1024x683.jpg 1024w, https:\/\/javirevertviticultor.com\/wp-content\/uploads\/2023\/12\/Terrazas_Javi-Revert-Viticultores0-18-300x200.jpg 300w, https:\/\/javirevertviticultor.com\/wp-content\/uploads\/2023\/12\/Terrazas_Javi-Revert-Viticultores0-18-768x512.jpg 768w, https:\/\/javirevertviticultor.com\/wp-content\/uploads\/2023\/12\/Terrazas_Javi-Revert-Viticultores0-18-1536x1024.jpg 1536w, https:\/\/javirevertviticultor.com\/wp-content\/uploads\/2023\/12\/Terrazas_Javi-Revert-Viticultores0-18-2048x1366.jpg 2048w\" sizes=\"(max-width: 800px) 100vw, 800px\" \/>\t\t\t\t\t\t\t\t\t\t\t\t\t<\/div>\n\t\t\t\t<\/div>\n\t\t\t\t\t<\/div>\n\t\t\t\t<\/div>\n\t\t\t\t\t<\/div>\n\t\t\t\t<\/div>\n\t\t\t\t<\/div>\n\t\t\t\t\t<\/div>\n\t\t\t\t<\/div>\n\t\t\t\t<section class=\"elementor-section elementor-top-section elementor-element elementor-element-1c140ec5 elementor-section-boxed elementor-section-height-default elementor-section-height-default\" data-id=\"1c140ec5\" data-element_type=\"section\" data-settings=\"{&quot;background_background&quot;:&quot;classic&quot;}\">\n\t\t\t\t\t\t\t<div class=\"elementor-background-overlay\"><\/div>\n\t\t\t\t\t\t\t<div class=\"elementor-container elementor-column-gap-no\">\n\t\t\t\t\t<div class=\"elementor-column elementor-col-100 elementor-top-column elementor-element elementor-element-4da0d2c6\" data-id=\"4da0d2c6\" data-element_type=\"column\">\n\t\t\t<div class=\"elementor-widget-wrap elementor-element-populated\">\n\t\t\t\t\t\t<div class=\"elementor-element elementor-element-70f2ec7f elementor-widget-tablet__width-initial elementor-widget elementor-widget-heading\" data-id=\"70f2ec7f\" data-element_type=\"widget\" data-widget_type=\"heading.default\">\n\t\t\t\t<div class=\"elementor-widget-container\">\n\t\t\t<h2 class=\"elementor-heading-title elementor-size-default\">Discover our vineyards in detail<\/h2>\t\t<\/div>\n\t\t\t\t<\/div>\n\t\t\t\t<div class=\"elementor-element elementor-element-8e5fb4f elementor-widget elementor-widget-text-editor\" data-id=\"8e5fb4f\" data-element_type=\"widget\" data-widget_type=\"text-editor.default\">\n\t\t\t\t<div class=\"elementor-widget-container\">\n\t\t\t\t\t\t\t<table>\n<tbody>\n<tr>\n<td><b>Wine <\/b><\/td>\n<td><b>Vineyard <\/b><\/td>\n<td><b>Variety <\/b><\/td>\n<td><b>Has <\/b><\/td>\n<td><b>Planting year <\/b><\/td>\n<\/tr>\n<tr>\n<td rowspan=\"2\"><span style=\"font-weight: 400;\">Micalet<\/span><\/td>\n<td><span style=\"font-weight: 400;\">Micalet <\/span><\/td>\n<td><span style=\"font-weight: 400;\">Tortosi, Trepadell y otras <\/span><\/td>\n<td><span style=\"font-weight: 400;\">2,57 <\/span><\/td>\n<td><span style=\"font-weight: 400;\">1948<\/span><\/td>\n<\/tr>\n<tr>\n<td><span style=\"font-weight: 400;\">Olivars <\/span><\/td>\n<td><span style=\"font-weight: 400;\">Tortosi, Trepadell y otras <\/span><\/td>\n<td><span style=\"font-weight: 400;\">0,56 <\/span><\/td>\n<td><span style=\"font-weight: 400;\">2021<\/span><\/td>\n<\/tr>\n<tr>\n<td rowspan=\"5\"><span style=\"font-weight: 400;\">Sensal<\/span><\/td>\n<td><span style=\"font-weight: 400;\">Ombria <\/span><\/td>\n<td><span style=\"font-weight: 400;\">Bonicaire\/Arcos\/Forcall\u00e0 <\/span><\/td>\n<td><span style=\"font-weight: 400;\">1,42 <\/span><\/td>\n<td><span style=\"font-weight: 400;\">2022<\/span><\/td>\n<\/tr>\n<tr>\n<td><span style=\"font-weight: 400;\">Planet <\/span><\/td>\n<td><span style=\"font-weight: 400;\">Monastrell <\/span><\/td>\n<td><span style=\"font-weight: 400;\">0,74 <\/span><\/td>\n<td><span style=\"font-weight: 400;\">2018<\/span><\/td>\n<\/tr>\n<tr>\n<td><span style=\"font-weight: 400;\">Ombria <\/span><\/td>\n<td><span style=\"font-weight: 400;\">Garnacha <\/span><\/td>\n<td><span style=\"font-weight: 400;\">0,56 <\/span><\/td>\n<td><span style=\"font-weight: 400;\">2016<\/span><\/td>\n<\/tr>\n<tr>\n<td><span style=\"font-weight: 400;\">Solana <\/span><\/td>\n<td><span style=\"font-weight: 400;\">Monastrell <\/span><\/td>\n<td><span style=\"font-weight: 400;\">0,4 <\/span><\/td>\n<td><span style=\"font-weight: 400;\">1985<\/span><\/td>\n<\/tr>\n<tr>\n<td><span style=\"font-weight: 400;\">Casa el Angel <\/span><\/td>\n<td><span style=\"font-weight: 400;\">Bonicaire <\/span><\/td>\n<td><span style=\"font-weight: 400;\">0,29 <\/span><\/td>\n<td><span style=\"font-weight: 400;\">1971<\/span><\/td>\n<\/tr>\n<tr>\n<td rowspan=\"2\"><span style=\"font-weight: 400;\">Simeta <\/span><\/td>\n<td rowspan=\"2\"><span style=\"font-weight: 400;\">Casa el Angel <\/span><\/td>\n<td rowspan=\"2\"><span style=\"font-weight: 400;\">Arcos <\/span><\/td>\n<td><span style=\"font-weight: 400;\">1,2 <\/span><\/td>\n<td><span style=\"font-weight: 400;\">1971 <\/span><\/td>\n<\/tr>\n<tr>\n<td><span style=\"font-weight: 400;\">2,5 <\/span><\/td>\n<td><span style=\"font-weight: 400;\">2023<\/span><\/td>\n<\/tr>\n<tr>\n<td rowspan=\"2\"><span style=\"font-weight: 400;\">Forad\u00e0<\/span><\/td>\n<td><span style=\"font-weight: 400;\">Terrazas <\/span><\/td>\n<td><span style=\"font-weight: 400;\">Arcos <\/span><\/td>\n<td><span style=\"font-weight: 400;\">1 <\/span><\/td>\n<td><span style=\"font-weight: 400;\">2018<\/span><\/td>\n<\/tr>\n<tr>\n<td><span style=\"font-weight: 400;\">Terrazas <\/span><\/td>\n<td><span style=\"font-weight: 400;\">Garnacha <\/span><\/td>\n<td><span style=\"font-weight: 400;\">1,18 <\/span><\/td>\n<td><span style=\"font-weight: 400;\">2018<\/span><\/td>\n<\/tr>\n<tr>\n<td><\/td>\n<td><\/td>\n<td><b>TOTAL <\/b><\/td>\n<td><b>12,42 Has <\/b><\/td>\n<td><\/td>\n<\/tr>\n<\/tbody>\n<\/table>\t\t\t\t\t\t<\/div>\n\t\t\t\t<\/div>\n\t\t\t\t\t<\/div>\n\t\t<\/div>\n\t\t\t\t\t<\/div>\n\t\t<\/section>\n\t\t\t\t<\/div>","protected":false},"excerpt":{"rendered":"<p>Vi\u00f1edos Trabajamos un total de 12 hect\u00e1reas de vi\u00f1edos, divididas en 6 hect\u00e1reas de vi\u00f1edo viejo de monta\u00f1a y 6 hect\u00e1reas de vi\u00f1edo joven que hemos replantado en lugares tradicionales que hab\u00edan sido abandonados hace d\u00e9cadas. Trabajamos de manera ecol\u00f3gica, siguiendo pr\u00e1cticas biodin\u00e1micas y sostenibles. Fomentamos la biodiversidad en nuestros vi\u00f1edos, promoviendo la presencia de [&hellip;]<\/p>","protected":false},"author":1,"featured_media":1305,"parent":0,"menu_order":0,"comment_status":"closed","ping_status":"closed","template":"elementor_header_footer","meta":{"footnotes":""},"class_list":["post-133","page","type-page","status-publish","has-post-thumbnail","hentry"],"_links":{"self":[{"href":"https:\/\/javirevertviticultor.com\/en\/wp-json\/wp\/v2\/pages\/133","targetHints":{"allow":["GET"]}}],"collection":[{"href":"https:\/\/javirevertviticultor.com\/en\/wp-json\/wp\/v2\/pages"}],"about":[{"href":"https:\/\/javirevertviticultor.com\/en\/wp-json\/wp\/v2\/types\/page"}],"author":[{"embeddable":true,"href":"https:\/\/javirevertviticultor.com\/en\/wp-json\/wp\/v2\/users\/1"}],"replies":[{"embeddable":true,"href":"https:\/\/javirevertviticultor.com\/en\/wp-json\/wp\/v2\/comments?post=133"}],"version-history":[{"count":79,"href":"https:\/\/javirevertviticultor.com\/en\/wp-json\/wp\/v2\/pages\/133\/revisions"}],"predecessor-version":[{"id":1371,"href":"https:\/\/javirevertviticultor.com\/en\/wp-json\/wp\/v2\/pages\/133\/revisions\/1371"}],"wp:featuredmedia":[{"embeddable":true,"href":"https:\/\/javirevertviticultor.com\/en\/wp-json\/wp\/v2\/media\/1305"}],"wp:attachment":[{"href":"https:\/\/javirevertviticultor.com\/en\/wp-json\/wp\/v2\/media?parent=133"}],"curies":[{"name":"wp","href":"https:\/\/api.w.org\/{rel}","templated":true}]}}